{"id":1784,"date":"2025-02-19T12:59:05","date_gmt":"2025-02-19T11:59:05","guid":{"rendered":"https:\/\/insid.gov.cz\/vedeni-uradu-a-jeho-struktura\/"},"modified":"2026-03-27T08:26:54","modified_gmt":"2026-03-27T07:26:54","slug":"vedeni-uradu-a-jeho-struktura","status":"publish","type":"page","link":"https:\/\/insid.gov.cz\/de\/o-uradu\/vedeni-uradu-a-jeho-struktura\/","title":{"rendered":"Veden\u00ed \u00fa\u0159adu a jeho struktura"},"content":{"rendered":"\n<div style=\"height:100px\" aria-hidden=\"true\" class=\"wp-block-spacer\"><\/div>\n\n\n\n<header class=\"wp-block-group alignwide gov-page-heading is-content-justification-left is-layout-constrained wp-container-core-group-is-layout-12dd3699 wp-block-group-is-layout-constrained\">\n<section class=\"wp-block-group alignwide is-layout-flow wp-block-group-is-layout-flow\" style=\"padding-top:var(--wp--preset--spacing--40);padding-bottom:var(--wp--preset--spacing--40)\">\n<div class=\"wp-block-columns gov-grid is-layout-flex wp-container-core-columns-is-layout-28f84493 wp-block-columns-is-layout-flex\">\n<div class=\"wp-block-column is-layout-flow wp-block-column-is-layout-flow\" style=\"flex-basis:60%\">\n<h2 class=\"wp-block-heading\" id=\"s2-1\">\u0158editelka Inspekce silni\u010dn\u00ed dopravy<\/h2>\n\n\n\n<p class=\"gov-text--body-l has-body-l-font-size\"><strong>JUDr. Lenka Pt\u00e1\u010dkov\u00e1 Melicharov\u00e1, MBA<\/strong><br>Absolventka Pr\u00e1vnick\u00e9 fakulty Univerzity Karlovy s\u00a0mnohaletou zku\u0161enost\u00ed ve ve\u0159ejn\u00e9 spr\u00e1v\u011b a\u00a0advokacii. M\u00e1 tak\u00e9 bohat\u00e9 zku\u0161enosti s\u00a0\u0159\u00edzen\u00edm ve\u0159ejn\u00e9 instituce, od dubna 2024 p\u016fsobila jako \u0159editelka Centra slu\u017eeb pro silni\u010dn\u00ed dopravu. Do \u010dela Inspekce silni\u010dn\u00ed dopravy byla jmenov\u00e1na na z\u00e1klad\u011b v\u00fdsledku v\u00fdb\u011brov\u00e9ho \u0159\u00edzen\u00ed, a\u00a0to ke dni 13.\u00a0kv\u011btna\u00a02025, s\u00a0\u00fa\u010dinnost\u00ed od\u00a01.\u00a0\u010dervence\u00a02025.<\/p>\n\n\n\n<div class=\"wp-block-group is-nowrap is-layout-flex wp-container-core-group-is-layout-fc054d2d wp-block-group-is-layout-flex\">\n<div class=\"wp-block-outermost-icon-block\"><div class=\"icon-container\" style=\"width:16px;transform:rotate(0deg) scaleX(1) scaleY(1)\"><svg width=\"16\" height=\"16\" viewBox=\"0 0 16 16\" fill=\"none\" xmlns=\"http:\/\/www.w3.org\/2000\/svg\"><path d=\"M0 4C0 3.46957 0.210714 2.96086 0.585786 2.58579C0.960859 2.21071 1.46957 2 2 2H14C14.5304 2 15.0391 2.21071 15.4142 2.58579C15.7893 2.96086 16 3.46957 16 4V12C16 12.5304 15.7893 13.0391 15.4142 13.4142C15.0391 13.7893 14.5304 14 14 14H2C1.46957 14 0.960859 13.7893 0.585786 13.4142C0.210714 13.0391 0 12.5304 0 12V4ZM2 3C1.73478 3 1.48043 3.10536 1.29289 3.29289C1.10536 3.48043 1 3.73478 1 4V4.217L8 8.417L15 4.217V4C15 3.73478 14.8946 3.48043 14.7071 3.29289C14.5196 3.10536 14.2652 3 14 3H2ZM15 5.383L10.292 8.208L15 11.105V5.383ZM14.966 12.259L9.326 8.788L8 9.583L6.674 8.788L1.034 12.258C1.09083 12.4708 1.21632 12.6589 1.39099 12.7931C1.56566 12.9272 1.77975 13 2 13H14C14.2201 13 14.4341 12.9274 14.6088 12.7934C14.7834 12.6595 14.909 12.4716 14.966 12.259ZM1 11.105L5.708 8.208L1 5.383V11.105Z\" fill=\"currentColor\"><\/path><\/svg><\/div><\/div>\n\n\n\n<p class=\"has-body-l-font-size\"><a href=\"mailto:podatelna@insid.gov.cz\">podatelna@insid.gov.cz<\/a><\/p>\n<\/div>\n<\/div>\n\n\n\n<div class=\"wp-block-column is-layout-flow wp-block-column-is-layout-flow\" style=\"flex-basis:40%\">\n<figure data-wp-context=\"{&quot;imageId&quot;:&quot;69ee4f9b979a8&quot;}\" data-wp-interactive=\"core\/image\" data-wp-key=\"69ee4f9b979a8\" class=\"wp-block-image alignleft size-full is-resized has-custom-border is-style-default wp-lightbox-container\"><img decoding=\"async\" width=\"445\" height=\"667\" data-wp-class--hide=\"state.isContentHidden\" data-wp-class--show=\"state.isContentVisible\" data-wp-init=\"callbacks.setButtonStyles\" data-wp-on--click=\"actions.showLightbox\" data-wp-on--load=\"callbacks.setButtonStyles\" data-wp-on-window--resize=\"callbacks.setButtonStyles\" data-src=\"https:\/\/insid.gov.cz\/wp-content\/uploads\/2025\/06\/VLF_5510-1.webp\" alt=\"\" class=\"wp-image-1904 lazyload\" style=\"--smush-placeholder-width: 445px; --smush-placeholder-aspect-ratio: 445\/667;border-radius:8px;width:305px\" data-srcset=\"https:\/\/insid.gov.cz\/wp-content\/uploads\/2025\/06\/VLF_5510-1.webp 445w, https:\/\/insid.gov.cz\/wp-content\/uploads\/2025\/06\/VLF_5510-1-200x300.webp 200w\" data-sizes=\"(max-width: 445px) 100vw, 445px\" src=\"data:image\/svg+xml;base64,PHN2ZyB3aWR0aD0iMSIgaGVpZ2h0PSIxIiB4bWxucz0iaHR0cDovL3d3dy53My5vcmcvMjAwMC9zdmciPjwvc3ZnPg==\" \/><button\n\t\t\tclass=\"lightbox-trigger\"\n\t\t\ttype=\"button\"\n\t\t\taria-haspopup=\"dialog\"\n\t\t\taria-label=\"Vergr\u00f6\u00dfern\"\n\t\t\tdata-wp-init=\"callbacks.initTriggerButton\"\n\t\t\tdata-wp-on--click=\"actions.showLightbox\"\n\t\t\tdata-wp-style--right=\"state.imageButtonRight\"\n\t\t\tdata-wp-style--top=\"state.imageButtonTop\"\n\t\t>\n\t\t\t<svg xmlns=\"http:\/\/www.w3.org\/2000\/svg\" width=\"12\" height=\"12\" fill=\"none\" viewBox=\"0 0 12 12\">\n\t\t\t\t<path fill=\"#fff\" d=\"M2 0a2 2 0 0 0-2 2v2h1.5V2a.5.5 0 0 1 .5-.5h2V0H2Zm2 10.5H2a.5.5 0 0 1-.5-.5V8H0v2a2 2 0 0 0 2 2h2v-1.5ZM8 12v-1.5h2a.5.5 0 0 0 .5-.5V8H12v2a2 2 0 0 1-2 2H8Zm2-12a2 2 0 0 1 2 2v2h-1.5V2a.5.5 0 0 0-.5-.5H8V0h2Z\" \/>\n\t\t\t<\/svg>\n\t\t<\/button><figcaption class=\"wp-element-caption\">JUDr. Lenka Pt\u00e1\u010dkov\u00e1 Melicharov\u00e1, MBA<br>\u0159editelka Inspekce silni\u010dn\u00ed dopravy<\/figcaption><\/figure>\n<\/div>\n<\/div>\n<\/section>\n\n\n\n<div style=\"height:100px\" aria-hidden=\"true\" class=\"wp-block-spacer\"><\/div>\n\n\n\n<section class=\"wp-block-group alignwide is-layout-flow wp-block-group-is-layout-flow\" style=\"padding-top:var(--wp--preset--spacing--40);padding-bottom:var(--wp--preset--spacing--40)\">\n<div class=\"wp-block-columns gov-grid is-layout-flex wp-container-core-columns-is-layout-28f84493 wp-block-columns-is-layout-flex\">\n<div class=\"wp-block-column is-layout-flow wp-block-column-is-layout-flow\" style=\"flex-basis:60%\">\n<h3 class=\"wp-block-heading\" id=\"s2-1\">\u0158editel odboru ekonomicko person\u00e1ln\u00edho<\/h3>\n\n\n\n<p class=\"gov-text--body-l has-body-l-font-size\"><strong><strong>Ing. Ladislav Vere\u0161<\/strong><\/strong><br>Absolvent Fakulty speci\u00e1ln\u00edho in\u017een\u00fdrstv\u00ed, zam\u011b\u0159en\u00ed na krizov\u00fd management, na \u017dilinsk\u00e9 universit\u011b. Po studiu absolvoval ro\u010dn\u00ed jazykov\u00fd pobyt ve Velk\u00e9 Brit\u00e1nii. V letech 2007\u20132019 p\u016fsobil na mnoha pozic\u00edch finan\u010dn\u00edho odd\u011blen\u00ed Hotelu Four Seasons Praha. Od b\u0159ezna 2019 byl \u010dinn\u00fd na pozici ekonomick\u00e9ho n\u00e1m\u011bstka Centra slu\u017eeb pro silni\u010dn\u00ed dopravu.<\/p>\n\n\n\n<div class=\"wp-block-group is-nowrap is-layout-flex wp-container-core-group-is-layout-fc054d2d wp-block-group-is-layout-flex\">\n<div class=\"wp-block-outermost-icon-block\"><div class=\"icon-container\" style=\"width:16px;transform:rotate(0deg) scaleX(1) scaleY(1)\"><svg width=\"16\" height=\"16\" viewBox=\"0 0 16 16\" fill=\"none\" xmlns=\"http:\/\/www.w3.org\/2000\/svg\"><path d=\"M0 4C0 3.46957 0.210714 2.96086 0.585786 2.58579C0.960859 2.21071 1.46957 2 2 2H14C14.5304 2 15.0391 2.21071 15.4142 2.58579C15.7893 2.96086 16 3.46957 16 4V12C16 12.5304 15.7893 13.0391 15.4142 13.4142C15.0391 13.7893 14.5304 14 14 14H2C1.46957 14 0.960859 13.7893 0.585786 13.4142C0.210714 13.0391 0 12.5304 0 12V4ZM2 3C1.73478 3 1.48043 3.10536 1.29289 3.29289C1.10536 3.48043 1 3.73478 1 4V4.217L8 8.417L15 4.217V4C15 3.73478 14.8946 3.48043 14.7071 3.29289C14.5196 3.10536 14.2652 3 14 3H2ZM15 5.383L10.292 8.208L15 11.105V5.383ZM14.966 12.259L9.326 8.788L8 9.583L6.674 8.788L1.034 12.258C1.09083 12.4708 1.21632 12.6589 1.39099 12.7931C1.56566 12.9272 1.77975 13 2 13H14C14.2201 13 14.4341 12.9274 14.6088 12.7934C14.7834 12.6595 14.909 12.4716 14.966 12.259ZM1 11.105L5.708 8.208L1 5.383V11.105Z\" fill=\"currentColor\"><\/path><\/svg><\/div><\/div>\n\n\n\n<p class=\"has-body-l-font-size\"><a href=\"mailto:ladislav.veres@insid.gov.cz\">ladislav.veres@insid.gov.cz<\/a><\/p>\n<\/div>\n<\/div>\n\n\n\n<div class=\"wp-block-column is-layout-flow wp-block-column-is-layout-flow\" style=\"flex-basis:40%\">\n<figure data-wp-context=\"{&quot;imageId&quot;:&quot;69ee4f9b982f2&quot;}\" data-wp-interactive=\"core\/image\" data-wp-key=\"69ee4f9b982f2\" class=\"wp-block-image alignleft size-full is-resized has-custom-border is-style-default wp-lightbox-container\"><img decoding=\"async\" width=\"1707\" height=\"2560\" data-wp-class--hide=\"state.isContentHidden\" data-wp-class--show=\"state.isContentVisible\" data-wp-init=\"callbacks.setButtonStyles\" data-wp-on--click=\"actions.showLightbox\" data-wp-on--load=\"callbacks.setButtonStyles\" data-wp-on-window--resize=\"callbacks.setButtonStyles\" data-src=\"https:\/\/insid.gov.cz\/wp-content\/uploads\/2025\/05\/VLF_5478-scaled.jpg\" alt=\"\" class=\"wp-image-703 lazyload\" style=\"--smush-placeholder-width: 1707px; --smush-placeholder-aspect-ratio: 1707\/2560;border-radius:8px;width:305px;height:auto\" data-srcset=\"https:\/\/insid.gov.cz\/wp-content\/uploads\/2025\/05\/VLF_5478-scaled.jpg 1707w, https:\/\/insid.gov.cz\/wp-content\/uploads\/2025\/05\/VLF_5478-200x300.jpg 200w, https:\/\/insid.gov.cz\/wp-content\/uploads\/2025\/05\/VLF_5478-683x1024.jpg 683w, https:\/\/insid.gov.cz\/wp-content\/uploads\/2025\/05\/VLF_5478-768x1152.jpg 768w, https:\/\/insid.gov.cz\/wp-content\/uploads\/2025\/05\/VLF_5478-1024x1536.jpg 1024w, https:\/\/insid.gov.cz\/wp-content\/uploads\/2025\/05\/VLF_5478-1365x2048.jpg 1365w\" data-sizes=\"(max-width: 1707px) 100vw, 1707px\" src=\"data:image\/svg+xml;base64,PHN2ZyB3aWR0aD0iMSIgaGVpZ2h0PSIxIiB4bWxucz0iaHR0cDovL3d3dy53My5vcmcvMjAwMC9zdmciPjwvc3ZnPg==\" \/><button\n\t\t\tclass=\"lightbox-trigger\"\n\t\t\ttype=\"button\"\n\t\t\taria-haspopup=\"dialog\"\n\t\t\taria-label=\"Vergr\u00f6\u00dfern\"\n\t\t\tdata-wp-init=\"callbacks.initTriggerButton\"\n\t\t\tdata-wp-on--click=\"actions.showLightbox\"\n\t\t\tdata-wp-style--right=\"state.imageButtonRight\"\n\t\t\tdata-wp-style--top=\"state.imageButtonTop\"\n\t\t>\n\t\t\t<svg xmlns=\"http:\/\/www.w3.org\/2000\/svg\" width=\"12\" height=\"12\" fill=\"none\" viewBox=\"0 0 12 12\">\n\t\t\t\t<path fill=\"#fff\" d=\"M2 0a2 2 0 0 0-2 2v2h1.5V2a.5.5 0 0 1 .5-.5h2V0H2Zm2 10.5H2a.5.5 0 0 1-.5-.5V8H0v2a2 2 0 0 0 2 2h2v-1.5ZM8 12v-1.5h2a.5.5 0 0 0 .5-.5V8H12v2a2 2 0 0 1-2 2H8Zm2-12a2 2 0 0 1 2 2v2h-1.5V2a.5.5 0 0 0-.5-.5H8V0h2Z\" \/>\n\t\t\t<\/svg>\n\t\t<\/button><figcaption class=\"wp-element-caption\">Ing. Ladislav Vere\u0161<br>\u0159editel odboru ekonomicko person\u00e1ln\u00edho<\/figcaption><\/figure>\n<\/div>\n<\/div>\n\n\n\n<div style=\"height:100px\" aria-hidden=\"true\" class=\"wp-block-spacer\"><\/div>\n\n\n\n<div class=\"wp-block-columns gov-grid is-layout-flex wp-container-core-columns-is-layout-28f84493 wp-block-columns-is-layout-flex\">\n<div class=\"wp-block-column is-layout-flow wp-block-column-is-layout-flow\" style=\"flex-basis:60%\">\n<h3 class=\"wp-block-heading\" id=\"s2-1\">\u0158editel kontroln\u00ed sekce<\/h3>\n\n\n\n<p class=\"gov-text--body-l has-body-l-font-size\"><strong>Ing.\u00a0Pavel Bergman<\/strong><br>Absolvent ekonomick\u00e9ho oboru Vojensk\u00e9 vysok\u00e9 \u0161koly t\u00fdlov\u00e9ho a\u00a0technick\u00e9ho zabezpe\u010den\u00ed v \u017dilin\u011b. V letech 1980 \u2013 1999 p\u016fsobil v\u00a0A\u010cR na\u00a0r\u016fzn\u00fdch \u0161t\u00e1bn\u00edch funkc\u00edch, zam\u011b\u0159en\u00fdch na problematiku ekonomick\u00e9ho zabezpe\u010den\u00ed a\u00a0financ\u00ed. Slu\u017eebn\u00ed pom\u011br ukon\u010dil na pracovn\u00ed pozici \u0159editel Vojensk\u00e9ho finan\u010dn\u00edho \u00fa\u0159adu. Od roku 2004 p\u016fsobil v Centru slu\u017eeb pro silni\u010dn\u00ed dopravu. V\u00a0letech 2004\u00a0\u2013\u00a02007 na pozici vedouc\u00ed mobiln\u00ed expertn\u00ed jednotky a\u00a0v\u00a0letech 2007\u00a0\u2013\u00a02018 na pozici vedouc\u00ed odboru silni\u010dn\u00ed kontroly. Pozici n\u00e1m\u011bstka \u00faseku kontroln\u00ed \u010dinnosti zast\u00e1val od roku 2018.<\/p>\n\n\n\n<div class=\"wp-block-group is-nowrap is-layout-flex wp-container-core-group-is-layout-fc054d2d wp-block-group-is-layout-flex\">\n<div class=\"wp-block-outermost-icon-block\"><div class=\"icon-container\" style=\"width:16px;transform:rotate(0deg) scaleX(1) scaleY(1)\"><svg width=\"16\" height=\"16\" viewBox=\"0 0 16 16\" fill=\"none\" xmlns=\"http:\/\/www.w3.org\/2000\/svg\"><path d=\"M0 4C0 3.46957 0.210714 2.96086 0.585786 2.58579C0.960859 2.21071 1.46957 2 2 2H14C14.5304 2 15.0391 2.21071 15.4142 2.58579C15.7893 2.96086 16 3.46957 16 4V12C16 12.5304 15.7893 13.0391 15.4142 13.4142C15.0391 13.7893 14.5304 14 14 14H2C1.46957 14 0.960859 13.7893 0.585786 13.4142C0.210714 13.0391 0 12.5304 0 12V4ZM2 3C1.73478 3 1.48043 3.10536 1.29289 3.29289C1.10536 3.48043 1 3.73478 1 4V4.217L8 8.417L15 4.217V4C15 3.73478 14.8946 3.48043 14.7071 3.29289C14.5196 3.10536 14.2652 3 14 3H2ZM15 5.383L10.292 8.208L15 11.105V5.383ZM14.966 12.259L9.326 8.788L8 9.583L6.674 8.788L1.034 12.258C1.09083 12.4708 1.21632 12.6589 1.39099 12.7931C1.56566 12.9272 1.77975 13 2 13H14C14.2201 13 14.4341 12.9274 14.6088 12.7934C14.7834 12.6595 14.909 12.4716 14.966 12.259ZM1 11.105L5.708 8.208L1 5.383V11.105Z\" fill=\"currentColor\"><\/path><\/svg><\/div><\/div>\n\n\n\n<p class=\"has-body-l-font-size\"><a href=\"mailto:pavel.bergman@insid.gov.cz\">pavel.bergman@insid.gov.cz<\/a><\/p>\n<\/div>\n<\/div>\n\n\n\n<div class=\"wp-block-column is-layout-flow wp-block-column-is-layout-flow\" style=\"flex-basis:40%\">\n<figure data-wp-context=\"{&quot;imageId&quot;:&quot;69ee4f9b98931&quot;}\" data-wp-interactive=\"core\/image\" data-wp-key=\"69ee4f9b98931\" class=\"wp-block-image alignleft size-full is-resized has-custom-border is-style-default wp-lightbox-container\"><img decoding=\"async\" width=\"1707\" height=\"2560\" data-wp-class--hide=\"state.isContentHidden\" data-wp-class--show=\"state.isContentVisible\" data-wp-init=\"callbacks.setButtonStyles\" data-wp-on--click=\"actions.showLightbox\" data-wp-on--load=\"callbacks.setButtonStyles\" data-wp-on-window--resize=\"callbacks.setButtonStyles\" data-src=\"https:\/\/insid.gov.cz\/wp-content\/uploads\/2025\/05\/VLF_4552-scaled.jpg\" alt=\"\" class=\"wp-image-707 lazyload\" style=\"--smush-placeholder-width: 1707px; --smush-placeholder-aspect-ratio: 1707\/2560;border-radius:8px;width:302px;height:auto\" data-srcset=\"https:\/\/insid.gov.cz\/wp-content\/uploads\/2025\/05\/VLF_4552-scaled.jpg 1707w, https:\/\/insid.gov.cz\/wp-content\/uploads\/2025\/05\/VLF_4552-200x300.jpg 200w, https:\/\/insid.gov.cz\/wp-content\/uploads\/2025\/05\/VLF_4552-683x1024.jpg 683w, https:\/\/insid.gov.cz\/wp-content\/uploads\/2025\/05\/VLF_4552-768x1152.jpg 768w, https:\/\/insid.gov.cz\/wp-content\/uploads\/2025\/05\/VLF_4552-1024x1536.jpg 1024w, https:\/\/insid.gov.cz\/wp-content\/uploads\/2025\/05\/VLF_4552-1366x2048.jpg 1366w\" data-sizes=\"(max-width: 1707px) 100vw, 1707px\" src=\"data:image\/svg+xml;base64,PHN2ZyB3aWR0aD0iMSIgaGVpZ2h0PSIxIiB4bWxucz0iaHR0cDovL3d3dy53My5vcmcvMjAwMC9zdmciPjwvc3ZnPg==\" \/><button\n\t\t\tclass=\"lightbox-trigger\"\n\t\t\ttype=\"button\"\n\t\t\taria-haspopup=\"dialog\"\n\t\t\taria-label=\"Vergr\u00f6\u00dfern\"\n\t\t\tdata-wp-init=\"callbacks.initTriggerButton\"\n\t\t\tdata-wp-on--click=\"actions.showLightbox\"\n\t\t\tdata-wp-style--right=\"state.imageButtonRight\"\n\t\t\tdata-wp-style--top=\"state.imageButtonTop\"\n\t\t>\n\t\t\t<svg xmlns=\"http:\/\/www.w3.org\/2000\/svg\" width=\"12\" height=\"12\" fill=\"none\" viewBox=\"0 0 12 12\">\n\t\t\t\t<path fill=\"#fff\" d=\"M2 0a2 2 0 0 0-2 2v2h1.5V2a.5.5 0 0 1 .5-.5h2V0H2Zm2 10.5H2a.5.5 0 0 1-.5-.5V8H0v2a2 2 0 0 0 2 2h2v-1.5ZM8 12v-1.5h2a.5.5 0 0 0 .5-.5V8H12v2a2 2 0 0 1-2 2H8Zm2-12a2 2 0 0 1 2 2v2h-1.5V2a.5.5 0 0 0-.5-.5H8V0h2Z\" \/>\n\t\t\t<\/svg>\n\t\t<\/button><figcaption class=\"wp-element-caption\">Ing. Pavel Bergman<br>\u0159editel kontroln\u00ed sekce<\/figcaption><\/figure>\n<\/div>\n<\/div>\n<\/section>\n<\/header>\n\n\n\n<div style=\"height:100px\" aria-hidden=\"true\" class=\"wp-block-spacer\"><\/div>\n\n\n\n<header class=\"wp-block-group alignwide gov-page-heading is-content-justification-left is-layout-constrained wp-container-core-group-is-layout-12dd3699 wp-block-group-is-layout-constrained\">\n<section class=\"wp-block-group alignwide is-layout-flow wp-block-group-is-layout-flow\" style=\"padding-top:var(--wp--preset--spacing--40);padding-bottom:var(--wp--preset--spacing--40)\">\n<div class=\"wp-block-columns gov-grid is-layout-flex wp-container-core-columns-is-layout-28f84493 wp-block-columns-is-layout-flex\">\n<div class=\"wp-block-column is-layout-flow wp-block-column-is-layout-flow\" style=\"flex-basis:60%\">\n<h3 class=\"wp-block-heading\" id=\"s2-1\">Vedouc\u00ed odd\u011blen\u00ed person\u00e1ln\u00edch proces\u016f a pr\u00e1vn\u00ed podpory<\/h3>\n\n\n\n<p class=\"gov-text--body-l has-body-l-font-size\"><strong>Mgr. et Mgr. Veronika Zichov\u00e1, MA<\/strong><br>Absolventka Pr\u00e1vnick\u00e9 fakulty Univerzity Palack\u00e9ho v Olomouci, oboru Evropsk\u00e1 studia se zam\u011b\u0159en\u00edm na evropsk\u00e9 pr\u00e1vo, a\u00a0Pr\u00e1vnick\u00e9 fakulty Masarykovy univerzity v\u00a0Brn\u011b, oboru Ve\u0159ejn\u00e1 spr\u00e1va. V\u00a0Centru slu\u017eeb pro silni\u010dn\u00ed dopravu p\u016fsobila od z\u00e1\u0159\u00ed 2023 nejprve na pozici odborn\u00fd poradce a\u00a0n\u00e1sledn\u011b jako vedouc\u00ed odd\u011blen\u00ed vnit\u0159n\u00edch slu\u017eeb.<\/p>\n\n\n\n<div class=\"wp-block-group is-nowrap is-layout-flex wp-container-core-group-is-layout-fc054d2d wp-block-group-is-layout-flex\">\n<div class=\"wp-block-outermost-icon-block\"><div class=\"icon-container\" style=\"width:16px;transform:rotate(0deg) scaleX(1) scaleY(1)\"><svg width=\"16\" height=\"16\" viewBox=\"0 0 16 16\" fill=\"none\" xmlns=\"http:\/\/www.w3.org\/2000\/svg\"><path d=\"M0 4C0 3.46957 0.210714 2.96086 0.585786 2.58579C0.960859 2.21071 1.46957 2 2 2H14C14.5304 2 15.0391 2.21071 15.4142 2.58579C15.7893 2.96086 16 3.46957 16 4V12C16 12.5304 15.7893 13.0391 15.4142 13.4142C15.0391 13.7893 14.5304 14 14 14H2C1.46957 14 0.960859 13.7893 0.585786 13.4142C0.210714 13.0391 0 12.5304 0 12V4ZM2 3C1.73478 3 1.48043 3.10536 1.29289 3.29289C1.10536 3.48043 1 3.73478 1 4V4.217L8 8.417L15 4.217V4C15 3.73478 14.8946 3.48043 14.7071 3.29289C14.5196 3.10536 14.2652 3 14 3H2ZM15 5.383L10.292 8.208L15 11.105V5.383ZM14.966 12.259L9.326 8.788L8 9.583L6.674 8.788L1.034 12.258C1.09083 12.4708 1.21632 12.6589 1.39099 12.7931C1.56566 12.9272 1.77975 13 2 13H14C14.2201 13 14.4341 12.9274 14.6088 12.7934C14.7834 12.6595 14.909 12.4716 14.966 12.259ZM1 11.105L5.708 8.208L1 5.383V11.105Z\" fill=\"currentColor\"><\/path><\/svg><\/div><\/div>\n\n\n\n<p class=\"has-body-l-font-size\"><a href=\"mailto:veronika.zichova@insid.gov.cz\">veronika.zichova@insid.gov.cz<\/a><\/p>\n<\/div>\n<\/div>\n\n\n\n<div class=\"wp-block-column is-layout-flow wp-block-column-is-layout-flow\" style=\"flex-basis:40%\">\n<figure data-wp-context=\"{&quot;imageId&quot;:&quot;69ee4f9b990ef&quot;}\" data-wp-interactive=\"core\/image\" data-wp-key=\"69ee4f9b990ef\" class=\"wp-block-image alignleft size-full is-resized has-custom-border is-style-default wp-lightbox-container\"><img decoding=\"async\" width=\"1707\" height=\"2560\" data-wp-class--hide=\"state.isContentHidden\" data-wp-class--show=\"state.isContentVisible\" data-wp-init=\"callbacks.setButtonStyles\" data-wp-on--click=\"actions.showLightbox\" data-wp-on--load=\"callbacks.setButtonStyles\" data-wp-on-window--resize=\"callbacks.setButtonStyles\" data-src=\"https:\/\/insid.gov.cz\/wp-content\/uploads\/2025\/05\/VLF_5213-edited-scaled.jpg\" alt=\"\" class=\"wp-image-833 lazyload\" style=\"--smush-placeholder-width: 1707px; --smush-placeholder-aspect-ratio: 1707\/2560;border-radius:8px;width:303px;height:auto\" data-srcset=\"https:\/\/insid.gov.cz\/wp-content\/uploads\/2025\/05\/VLF_5213-edited-scaled.jpg 1707w, https:\/\/insid.gov.cz\/wp-content\/uploads\/2025\/05\/VLF_5213-edited-200x300.jpg 200w, https:\/\/insid.gov.cz\/wp-content\/uploads\/2025\/05\/VLF_5213-edited-683x1024.jpg 683w, https:\/\/insid.gov.cz\/wp-content\/uploads\/2025\/05\/VLF_5213-edited-768x1152.jpg 768w, https:\/\/insid.gov.cz\/wp-content\/uploads\/2025\/05\/VLF_5213-edited-1024x1536.jpg 1024w, https:\/\/insid.gov.cz\/wp-content\/uploads\/2025\/05\/VLF_5213-edited-1366x2048.jpg 1366w\" data-sizes=\"(max-width: 1707px) 100vw, 1707px\" src=\"data:image\/svg+xml;base64,PHN2ZyB3aWR0aD0iMSIgaGVpZ2h0PSIxIiB4bWxucz0iaHR0cDovL3d3dy53My5vcmcvMjAwMC9zdmciPjwvc3ZnPg==\" \/><button\n\t\t\tclass=\"lightbox-trigger\"\n\t\t\ttype=\"button\"\n\t\t\taria-haspopup=\"dialog\"\n\t\t\taria-label=\"Vergr\u00f6\u00dfern\"\n\t\t\tdata-wp-init=\"callbacks.initTriggerButton\"\n\t\t\tdata-wp-on--click=\"actions.showLightbox\"\n\t\t\tdata-wp-style--right=\"state.imageButtonRight\"\n\t\t\tdata-wp-style--top=\"state.imageButtonTop\"\n\t\t>\n\t\t\t<svg xmlns=\"http:\/\/www.w3.org\/2000\/svg\" width=\"12\" height=\"12\" fill=\"none\" viewBox=\"0 0 12 12\">\n\t\t\t\t<path fill=\"#fff\" d=\"M2 0a2 2 0 0 0-2 2v2h1.5V2a.5.5 0 0 1 .5-.5h2V0H2Zm2 10.5H2a.5.5 0 0 1-.5-.5V8H0v2a2 2 0 0 0 2 2h2v-1.5ZM8 12v-1.5h2a.5.5 0 0 0 .5-.5V8H12v2a2 2 0 0 1-2 2H8Zm2-12a2 2 0 0 1 2 2v2h-1.5V2a.5.5 0 0 0-.5-.5H8V0h2Z\" \/>\n\t\t\t<\/svg>\n\t\t<\/button><figcaption class=\"wp-element-caption\">Mgr. et Mgr. Veronika Zichov\u00e1, MA<br>vedouc\u00ed  odd\u011blen\u00ed person\u00e1ln\u00edch proces\u016f a pr\u00e1vn\u00ed podpory<\/figcaption><\/figure>\n<\/div>\n<\/div>\n<\/section>\n<\/header>\n\n\n\n<div class=\"wp-block-group is-content-justification-left is-layout-constrained wp-container-core-group-is-layout-21fe343f wp-block-group-is-layout-constrained\" style=\"padding-top:var(--wp--preset--spacing--40);padding-bottom:var(--wp--preset--spacing--40)\">\n<h2 class=\"wp-block-heading\">Organiza\u010dn\u00ed struktura<\/h2>\n<\/div>\n\n\n\n<p><\/p>\n\n\n\n<figure class=\"wp-block-image size-large\"><img decoding=\"async\" width=\"1024\" height=\"724\" data-src=\"https:\/\/insid.gov.cz\/wp-content\/uploads\/2026\/02\/INSID_Organizacni_struktura-1024x724.webp\" alt=\"\" class=\"wp-image-3975 lazyload\" data-srcset=\"https:\/\/insid.gov.cz\/wp-content\/uploads\/2026\/02\/INSID_Organizacni_struktura-1024x724.webp 1024w, https:\/\/insid.gov.cz\/wp-content\/uploads\/2026\/02\/INSID_Organizacni_struktura-300x212.webp 300w, https:\/\/insid.gov.cz\/wp-content\/uploads\/2026\/02\/INSID_Organizacni_struktura-768x543.webp 768w, https:\/\/insid.gov.cz\/wp-content\/uploads\/2026\/02\/INSID_Organizacni_struktura-1536x1086.webp 1536w, https:\/\/insid.gov.cz\/wp-content\/uploads\/2026\/02\/INSID_Organizacni_struktura-2048x1449.webp 2048w\" data-sizes=\"(max-width: 1024px) 100vw, 1024px\" src=\"data:image\/svg+xml;base64,PHN2ZyB3aWR0aD0iMSIgaGVpZ2h0PSIxIiB4bWxucz0iaHR0cDovL3d3dy53My5vcmcvMjAwMC9zdmciPjwvc3ZnPg==\" style=\"--smush-placeholder-width: 1024px; --smush-placeholder-aspect-ratio: 1024\/724;\" \/><\/figure>\n","protected":false},"excerpt":{"rendered":"<p>\u0158editelka Inspekce silni\u010dn\u00ed dopravy JUDr. Lenka Pt\u00e1\u010dkov\u00e1 Melicharov\u00e1, MBAAbsolventka Pr\u00e1vnick\u00e9 fakulty Univerzity Karlovy s\u00a0mnohaletou zku\u0161enost\u00ed ve ve\u0159ejn\u00e9 spr\u00e1v\u011b a\u00a0advokacii. M\u00e1 tak\u00e9 bohat\u00e9 zku\u0161enosti s\u00a0\u0159\u00edzen\u00edm ve\u0159ejn\u00e9 instituce, od dubna 2024 p\u016fsobila jako \u0159editelka Centra slu\u017eeb pro silni\u010dn\u00ed dopravu. Do \u010dela Inspekce silni\u010dn\u00ed dopravy byla jmenov\u00e1na na z\u00e1klad\u011b v\u00fdsledku v\u00fdb\u011brov\u00e9ho \u0159\u00edzen\u00ed, a\u00a0to ke dni 13.\u00a0kv\u011btna\u00a02025, s\u00a0\u00fa\u010dinnost\u00ed od\u00a01.\u00a0\u010dervence\u00a02025. [&hellip;]<\/p>\n","protected":false},"author":1,"featured_media":0,"parent":1792,"menu_order":0,"comment_status":"closed","ping_status":"closed","template":"","meta":{"inline_featured_image":false,"footnotes":""},"class_list":["post-1784","page","type-page","status-publish","hentry"],"yoast_head":"<!-- This site is optimized with the Yoast SEO plugin v27.4 - https:\/\/yoast.com\/product\/yoast-seo-wordpress\/ -->\n<title>Veden\u00ed \u00fa\u0159adu a jeho struktura - Inspekce silni\u010dn\u00ed dopravy<\/title>\n<meta name=\"robots\" content=\"index, follow, max-snippet:-1, max-image-preview:large, max-video-preview:-1\" \/>\n<link rel=\"canonical\" href=\"https:\/\/insid.gov.cz\/de\/o-uradu\/vedeni-uradu-a-jeho-struktura\/\" \/>\n<meta property=\"og:locale\" content=\"de_DE\" \/>\n<meta property=\"og:type\" content=\"article\" \/>\n<meta property=\"og:title\" content=\"Veden\u00ed \u00fa\u0159adu a jeho struktura - Inspekce silni\u010dn\u00ed dopravy\" \/>\n<meta property=\"og:description\" content=\"\u0158editelka Inspekce silni\u010dn\u00ed dopravy JUDr. Lenka Pt\u00e1\u010dkov\u00e1 Melicharov\u00e1, MBAAbsolventka Pr\u00e1vnick\u00e9 fakulty Univerzity Karlovy s\u00a0mnohaletou zku\u0161enost\u00ed ve ve\u0159ejn\u00e9 spr\u00e1v\u011b a\u00a0advokacii. M\u00e1 tak\u00e9 bohat\u00e9 zku\u0161enosti s\u00a0\u0159\u00edzen\u00edm ve\u0159ejn\u00e9 instituce, od dubna 2024 p\u016fsobila jako \u0159editelka Centra slu\u017eeb pro silni\u010dn\u00ed dopravu. Do \u010dela Inspekce silni\u010dn\u00ed dopravy byla jmenov\u00e1na na z\u00e1klad\u011b v\u00fdsledku v\u00fdb\u011brov\u00e9ho \u0159\u00edzen\u00ed, a\u00a0to ke dni 13.\u00a0kv\u011btna\u00a02025, s\u00a0\u00fa\u010dinnost\u00ed od\u00a01.\u00a0\u010dervence\u00a02025. [&hellip;]\" \/>\n<meta property=\"og:url\" content=\"https:\/\/insid.gov.cz\/de\/o-uradu\/vedeni-uradu-a-jeho-struktura\/\" \/>\n<meta property=\"og:site_name\" content=\"Inspekce silni\u010dn\u00ed dopravy\" \/>\n<meta property=\"article:publisher\" content=\"https:\/\/www.facebook.com\/people\/INSID-Inspekce-silnin-dopravy\/61577005171287\/\" \/>\n<meta property=\"article:modified_time\" content=\"2026-03-27T07:26:54+00:00\" \/>\n<meta property=\"og:image\" content=\"https:\/\/insid.gov.cz\/wp-content\/uploads\/2025\/06\/VLF_5510-1.webp\" \/>\n\t<meta property=\"og:image:width\" content=\"445\" \/>\n\t<meta property=\"og:image:height\" content=\"667\" \/>\n\t<meta property=\"og:image:type\" content=\"image\/jpeg\" \/>\n<meta name=\"twitter:card\" content=\"summary_large_image\" \/>\n<script type=\"application\/ld+json\" class=\"yoast-schema-graph\">{\"@context\":\"https:\\\/\\\/schema.org\",\"@graph\":[{\"@type\":\"WebPage\",\"@id\":\"https:\\\/\\\/insid.gov.cz\\\/de\\\/o-uradu\\\/vedeni-uradu-a-jeho-struktura\\\/\",\"url\":\"https:\\\/\\\/insid.gov.cz\\\/de\\\/o-uradu\\\/vedeni-uradu-a-jeho-struktura\\\/\",\"name\":\"Veden\u00ed \u00fa\u0159adu a jeho struktura - Inspekce silni\u010dn\u00ed dopravy\",\"isPartOf\":{\"@id\":\"https:\\\/\\\/insid.gov.cz\\\/#website\"},\"primaryImageOfPage\":{\"@id\":\"https:\\\/\\\/insid.gov.cz\\\/de\\\/o-uradu\\\/vedeni-uradu-a-jeho-struktura\\\/#primaryimage\"},\"image\":{\"@id\":\"https:\\\/\\\/insid.gov.cz\\\/de\\\/o-uradu\\\/vedeni-uradu-a-jeho-struktura\\\/#primaryimage\"},\"thumbnailUrl\":\"https:\\\/\\\/insid.gov.cz\\\/wp-content\\\/uploads\\\/2025\\\/06\\\/VLF_5510-1.webp\",\"datePublished\":\"2025-02-19T11:59:05+00:00\",\"dateModified\":\"2026-03-27T07:26:54+00:00\",\"breadcrumb\":{\"@id\":\"https:\\\/\\\/insid.gov.cz\\\/de\\\/o-uradu\\\/vedeni-uradu-a-jeho-struktura\\\/#breadcrumb\"},\"inLanguage\":\"de\",\"potentialAction\":[{\"@type\":\"ReadAction\",\"target\":[\"https:\\\/\\\/insid.gov.cz\\\/de\\\/o-uradu\\\/vedeni-uradu-a-jeho-struktura\\\/\"]}]},{\"@type\":\"ImageObject\",\"inLanguage\":\"de\",\"@id\":\"https:\\\/\\\/insid.gov.cz\\\/de\\\/o-uradu\\\/vedeni-uradu-a-jeho-struktura\\\/#primaryimage\",\"url\":\"https:\\\/\\\/insid.gov.cz\\\/wp-content\\\/uploads\\\/2025\\\/06\\\/VLF_5510-1.webp\",\"contentUrl\":\"https:\\\/\\\/insid.gov.cz\\\/wp-content\\\/uploads\\\/2025\\\/06\\\/VLF_5510-1.webp\"},{\"@type\":\"BreadcrumbList\",\"@id\":\"https:\\\/\\\/insid.gov.cz\\\/de\\\/o-uradu\\\/vedeni-uradu-a-jeho-struktura\\\/#breadcrumb\",\"itemListElement\":[{\"@type\":\"ListItem\",\"position\":1,\"name\":\"Dom\u016f\",\"item\":\"https:\\\/\\\/insid.gov.cz\\\/de\\\/\"},{\"@type\":\"ListItem\",\"position\":2,\"name\":\"\u00dcber uns\",\"item\":\"https:\\\/\\\/insid.gov.cz\\\/de\\\/o-uradu\\\/\"},{\"@type\":\"ListItem\",\"position\":3,\"name\":\"Veden\u00ed \u00fa\u0159adu a jeho struktura\"}]},{\"@type\":\"WebSite\",\"@id\":\"https:\\\/\\\/insid.gov.cz\\\/#website\",\"url\":\"https:\\\/\\\/insid.gov.cz\\\/\",\"name\":\"INSID\",\"description\":\"\",\"publisher\":{\"@id\":\"https:\\\/\\\/insid.gov.cz\\\/#organization\"},\"potentialAction\":[{\"@type\":\"SearchAction\",\"target\":{\"@type\":\"EntryPoint\",\"urlTemplate\":\"https:\\\/\\\/insid.gov.cz\\\/?s={search_term_string}\"},\"query-input\":{\"@type\":\"PropertyValueSpecification\",\"valueRequired\":true,\"valueName\":\"search_term_string\"}}],\"inLanguage\":\"de\"},{\"@type\":\"Organization\",\"@id\":\"https:\\\/\\\/insid.gov.cz\\\/#organization\",\"name\":\"Inspekce silni\u010dn\u00ed dopravy\",\"url\":\"https:\\\/\\\/insid.gov.cz\\\/\",\"logo\":{\"@type\":\"ImageObject\",\"inLanguage\":\"de\",\"@id\":\"https:\\\/\\\/insid.gov.cz\\\/#\\\/schema\\\/logo\\\/image\\\/\",\"url\":\"https:\\\/\\\/insid.gov.cz\\\/wp-content\\\/uploads\\\/2025\\\/05\\\/INSID-LOGO-barevna-verze-scaled.png\",\"contentUrl\":\"https:\\\/\\\/insid.gov.cz\\\/wp-content\\\/uploads\\\/2025\\\/05\\\/INSID-LOGO-barevna-verze-scaled.png\",\"width\":2560,\"height\":1027,\"caption\":\"Inspekce silni\u010dn\u00ed dopravy\"},\"image\":{\"@id\":\"https:\\\/\\\/insid.gov.cz\\\/#\\\/schema\\\/logo\\\/image\\\/\"},\"sameAs\":[\"https:\\\/\\\/www.facebook.com\\\/people\\\/INSID-Inspekce-silnin-dopravy\\\/61577005171287\\\/\"]}]}<\/script>\n<!-- \/ Yoast SEO plugin. -->","yoast_head_json":{"title":"Veden\u00ed \u00fa\u0159adu a jeho struktura - Inspekce silni\u010dn\u00ed dopravy","robots":{"index":"index","follow":"follow","max-snippet":"max-snippet:-1","max-image-preview":"max-image-preview:large","max-video-preview":"max-video-preview:-1"},"canonical":"https:\/\/insid.gov.cz\/de\/o-uradu\/vedeni-uradu-a-jeho-struktura\/","og_locale":"de_DE","og_type":"article","og_title":"Veden\u00ed \u00fa\u0159adu a jeho struktura - Inspekce silni\u010dn\u00ed dopravy","og_description":"\u0158editelka Inspekce silni\u010dn\u00ed dopravy JUDr. Lenka Pt\u00e1\u010dkov\u00e1 Melicharov\u00e1, MBAAbsolventka Pr\u00e1vnick\u00e9 fakulty Univerzity Karlovy s\u00a0mnohaletou zku\u0161enost\u00ed ve ve\u0159ejn\u00e9 spr\u00e1v\u011b a\u00a0advokacii. M\u00e1 tak\u00e9 bohat\u00e9 zku\u0161enosti s\u00a0\u0159\u00edzen\u00edm ve\u0159ejn\u00e9 instituce, od dubna 2024 p\u016fsobila jako \u0159editelka Centra slu\u017eeb pro silni\u010dn\u00ed dopravu. Do \u010dela Inspekce silni\u010dn\u00ed dopravy byla jmenov\u00e1na na z\u00e1klad\u011b v\u00fdsledku v\u00fdb\u011brov\u00e9ho \u0159\u00edzen\u00ed, a\u00a0to ke dni 13.\u00a0kv\u011btna\u00a02025, s\u00a0\u00fa\u010dinnost\u00ed od\u00a01.\u00a0\u010dervence\u00a02025. [&hellip;]","og_url":"https:\/\/insid.gov.cz\/de\/o-uradu\/vedeni-uradu-a-jeho-struktura\/","og_site_name":"Inspekce silni\u010dn\u00ed dopravy","article_publisher":"https:\/\/www.facebook.com\/people\/INSID-Inspekce-silnin-dopravy\/61577005171287\/","article_modified_time":"2026-03-27T07:26:54+00:00","og_image":[{"width":445,"height":667,"url":"https:\/\/insid.gov.cz\/wp-content\/uploads\/2025\/06\/VLF_5510-1.webp","type":"image\/jpeg"}],"twitter_card":"summary_large_image","schema":{"@context":"https:\/\/schema.org","@graph":[{"@type":"WebPage","@id":"https:\/\/insid.gov.cz\/de\/o-uradu\/vedeni-uradu-a-jeho-struktura\/","url":"https:\/\/insid.gov.cz\/de\/o-uradu\/vedeni-uradu-a-jeho-struktura\/","name":"Veden\u00ed \u00fa\u0159adu a jeho struktura - Inspekce silni\u010dn\u00ed dopravy","isPartOf":{"@id":"https:\/\/insid.gov.cz\/#website"},"primaryImageOfPage":{"@id":"https:\/\/insid.gov.cz\/de\/o-uradu\/vedeni-uradu-a-jeho-struktura\/#primaryimage"},"image":{"@id":"https:\/\/insid.gov.cz\/de\/o-uradu\/vedeni-uradu-a-jeho-struktura\/#primaryimage"},"thumbnailUrl":"https:\/\/insid.gov.cz\/wp-content\/uploads\/2025\/06\/VLF_5510-1.webp","datePublished":"2025-02-19T11:59:05+00:00","dateModified":"2026-03-27T07:26:54+00:00","breadcrumb":{"@id":"https:\/\/insid.gov.cz\/de\/o-uradu\/vedeni-uradu-a-jeho-struktura\/#breadcrumb"},"inLanguage":"de","potentialAction":[{"@type":"ReadAction","target":["https:\/\/insid.gov.cz\/de\/o-uradu\/vedeni-uradu-a-jeho-struktura\/"]}]},{"@type":"ImageObject","inLanguage":"de","@id":"https:\/\/insid.gov.cz\/de\/o-uradu\/vedeni-uradu-a-jeho-struktura\/#primaryimage","url":"https:\/\/insid.gov.cz\/wp-content\/uploads\/2025\/06\/VLF_5510-1.webp","contentUrl":"https:\/\/insid.gov.cz\/wp-content\/uploads\/2025\/06\/VLF_5510-1.webp"},{"@type":"BreadcrumbList","@id":"https:\/\/insid.gov.cz\/de\/o-uradu\/vedeni-uradu-a-jeho-struktura\/#breadcrumb","itemListElement":[{"@type":"ListItem","position":1,"name":"Dom\u016f","item":"https:\/\/insid.gov.cz\/de\/"},{"@type":"ListItem","position":2,"name":"\u00dcber uns","item":"https:\/\/insid.gov.cz\/de\/o-uradu\/"},{"@type":"ListItem","position":3,"name":"Veden\u00ed \u00fa\u0159adu a jeho struktura"}]},{"@type":"WebSite","@id":"https:\/\/insid.gov.cz\/#website","url":"https:\/\/insid.gov.cz\/","name":"INSID","description":"","publisher":{"@id":"https:\/\/insid.gov.cz\/#organization"},"potentialAction":[{"@type":"SearchAction","target":{"@type":"EntryPoint","urlTemplate":"https:\/\/insid.gov.cz\/?s={search_term_string}"},"query-input":{"@type":"PropertyValueSpecification","valueRequired":true,"valueName":"search_term_string"}}],"inLanguage":"de"},{"@type":"Organization","@id":"https:\/\/insid.gov.cz\/#organization","name":"Inspekce silni\u010dn\u00ed dopravy","url":"https:\/\/insid.gov.cz\/","logo":{"@type":"ImageObject","inLanguage":"de","@id":"https:\/\/insid.gov.cz\/#\/schema\/logo\/image\/","url":"https:\/\/insid.gov.cz\/wp-content\/uploads\/2025\/05\/INSID-LOGO-barevna-verze-scaled.png","contentUrl":"https:\/\/insid.gov.cz\/wp-content\/uploads\/2025\/05\/INSID-LOGO-barevna-verze-scaled.png","width":2560,"height":1027,"caption":"Inspekce silni\u010dn\u00ed dopravy"},"image":{"@id":"https:\/\/insid.gov.cz\/#\/schema\/logo\/image\/"},"sameAs":["https:\/\/www.facebook.com\/people\/INSID-Inspekce-silnin-dopravy\/61577005171287\/"]}]}},"jetpack_sharing_enabled":true,"_links":{"self":[{"href":"https:\/\/insid.gov.cz\/de\/wp-json\/wp\/v2\/pages\/1784","targetHints":{"allow":["GET"]}}],"collection":[{"href":"https:\/\/insid.gov.cz\/de\/wp-json\/wp\/v2\/pages"}],"about":[{"href":"https:\/\/insid.gov.cz\/de\/wp-json\/wp\/v2\/types\/page"}],"author":[{"embeddable":true,"href":"https:\/\/insid.gov.cz\/de\/wp-json\/wp\/v2\/users\/1"}],"replies":[{"embeddable":true,"href":"https:\/\/insid.gov.cz\/de\/wp-json\/wp\/v2\/comments?post=1784"}],"version-history":[{"count":9,"href":"https:\/\/insid.gov.cz\/de\/wp-json\/wp\/v2\/pages\/1784\/revisions"}],"predecessor-version":[{"id":4257,"href":"https:\/\/insid.gov.cz\/de\/wp-json\/wp\/v2\/pages\/1784\/revisions\/4257"}],"up":[{"embeddable":true,"href":"https:\/\/insid.gov.cz\/de\/wp-json\/wp\/v2\/pages\/1792"}],"wp:attachment":[{"href":"https:\/\/insid.gov.cz\/de\/wp-json\/wp\/v2\/media?parent=1784"}],"curies":[{"name":"wp","href":"https:\/\/api.w.org\/{rel}","templated":true}]}}