{"id":1782,"date":"2025-02-19T12:59:48","date_gmt":"2025-02-19T11:59:48","guid":{"rendered":"https:\/\/insid.gov.cz\/cim-se-zabyvame\/"},"modified":"2026-03-10T15:00:42","modified_gmt":"2026-03-10T14:00:42","slug":"cim-se-zabyvame","status":"publish","type":"page","link":"https:\/\/insid.gov.cz\/de\/o-uradu\/cim-se-zabyvame\/","title":{"rendered":"\u010c\u00edm se zab\u00fdv\u00e1me"},"content":{"rendered":"\n<div class=\"wp-block-group is-content-justification-left is-layout-constrained wp-container-core-group-is-layout-12dd3699 wp-block-group-is-layout-constrained\">\n<h3 class=\"wp-block-heading\">Inspekce silni\u010dn\u00ed dopravy v \u010d\u00edslech<\/h3>\n\n\n\n<p>Inspekce silni\u010dn\u00ed dopravy m\u00e1 80 zam\u011bstnanc\u016f, z \u010deho\u017e 58 zam\u011bstnanc\u016f p\u016fsob\u00ed v ter\u00e9nu.<\/p>\n\n\n\n<ul class=\"wp-block-list\">\n<li>Inspekce silni\u010dn\u00ed dopravy disponuje 22 mobiln\u00edmi expertn\u00edmi jednotkami. <\/li>\n\n\n\n<li>Dal\u0161\u00ed 4 speci\u00e1ln\u00ed jednotky jsou zam\u011b\u0159en\u00e9 na mobiln\u00ed m\u011b\u0159en\u00ed emis\u00ed a technickou silni\u010dn\u00ed kontrolu.<\/li>\n\n\n\n<li>Za 1 den je ka\u017ed\u00e1 mobiln\u00ed jednotka schopna prov\u00e9st kontrolu 6 a\u017e 10 vozidel, a to dle slo\u017eitosti kontroly a n\u00e1ro\u010dnosti kontroln\u00edho zji\u0161t\u011bn\u00ed.<\/li>\n<\/ul>\n<\/div>\n\n\n\n<figure class=\"wp-block-image alignleft size-large\"><img decoding=\"async\" width=\"1024\" height=\"576\" data-src=\"https:\/\/insid.gov.cz\/wp-content\/uploads\/2025\/06\/DJI_0037-1024x576.webp\" alt=\"\" class=\"wp-image-1939 lazyload\" style=\"--smush-placeholder-width: 1024px; --smush-placeholder-aspect-ratio: 1024\/576;object-fit:cover\" data-srcset=\"https:\/\/insid.gov.cz\/wp-content\/uploads\/2025\/06\/DJI_0037-1024x576.webp 1024w, https:\/\/insid.gov.cz\/wp-content\/uploads\/2025\/06\/DJI_0037-300x169.webp 300w, https:\/\/insid.gov.cz\/wp-content\/uploads\/2025\/06\/DJI_0037-768x432.webp 768w, https:\/\/insid.gov.cz\/wp-content\/uploads\/2025\/06\/DJI_0037-1536x864.webp 1536w, https:\/\/insid.gov.cz\/wp-content\/uploads\/2025\/06\/DJI_0037-2048x1152.webp 2048w\" data-sizes=\"(max-width: 1024px) 100vw, 1024px\" src=\"data:image\/svg+xml;base64,PHN2ZyB3aWR0aD0iMSIgaGVpZ2h0PSIxIiB4bWxucz0iaHR0cDovL3d3dy53My5vcmcvMjAwMC9zdmciPjwvc3ZnPg==\" \/><figcaption class=\"wp-element-caption\">Vozov\u00fd park Inspekce silni\u010dn\u00ed dopravy<\/figcaption><\/figure>\n\n\n\n<div class=\"wp-block-group is-content-justification-left is-layout-constrained wp-container-core-group-is-layout-12dd3699 wp-block-group-is-layout-constrained\">\n<h3 class=\"wp-block-heading\">C\u00edle Inspekce silni\u010dn\u00ed dopravy <\/h3>\n\n\n\n<p class=\"has-text-align-left\">Jedn\u00edm z hlavn\u00edch c\u00edl\u016f Inspekce silni\u010dn\u00ed dopravy je zajistit v\u011bt\u0161\u00ed bezpe\u010dnost na silnic\u00edch a d\u00e1lnic\u00edch. Abychom co nejd\u00e9le udr\u017eeli ve\u0159ejn\u00e9 komunikace v dobr\u00e9m stavu a vyhnuli se tak kolon\u00e1m v d\u016fsledku oprav pozemn\u00edch komunikac\u00edch a pl\u00fdtv\u00e1n\u00ed ve\u0159ejn\u00fdmi financemi, d\u016fle\u017eit\u00fdm c\u00edlem Inspekce silni\u010dn\u00ed dopravy je zabr\u00e1nit po\u0161kozov\u00e1n\u00ed ve\u0159ejn\u00fdch komunikac\u00ed p\u0159et\u00ed\u017een\u00fdmi kamiony. <\/p>\n\n\n\n<p>Kladn\u00fdm prvkem transformace Inspekce silni\u010dn\u00ed dopravy je zefektivn\u011bn\u00ed kontroly \u0159idi\u010d\u016f t\u00edm, \u017ee samostatnost umo\u017en\u00ed policii a celn\u00ed spr\u00e1v\u011b vyu\u017e\u00edt sv\u00e9 p\u0159\u00edslu\u0161n\u00edky na jin\u00e9 \u010dinnosti. P\u016fsoben\u00ed Inspekce silni\u010dn\u00ed dopravy si tak\u00e9 klade za c\u00edl zabr\u00e1nit nef\u00e9rovosti podnik\u00e1n\u00ed v kamionov\u00e9 doprav\u011b. Celkov\u00fdm d\u016fsledkem p\u016fsoben\u00ed Inspekce silni\u010dn\u00ed dopravy by m\u011blo b\u00fdt preventivn\u00ed p\u016fsoben\u00ed na \u0159idi\u010de a dopravce.<\/p>\n<\/div>\n\n\n\n<div class=\"wp-block-group is-content-justification-left is-layout-constrained wp-container-core-group-is-layout-12dd3699 wp-block-group-is-layout-constrained\">\n<h3 class=\"wp-block-heading\">P\u016fsoben\u00ed Centra slu\u017eeb pro silni\u010dn\u00ed dopravu v roce 2024 <\/h3>\n\n\n\n<p>Inspekce silni\u010dn\u00ed dopravy se transformovala z Centra slu\u017eeb pro silni\u010dn\u00ed dopravu, je\u017e za rok 2024 vyk\u00e1zalo n\u00e1sleduj\u00edc\u00ed v\u00fdsledky.<\/p>\n\n\n\n<ul class=\"wp-block-list\">\n<li>Centrum slu\u017eeb pro silni\u010dn\u00ed dopravu provedlo 3 287 silni\u010dn\u00edch kontrol.<\/li>\n\n\n\n<li>V r\u00e1mci silni\u010dn\u00edch kontrol bylo zkontrolov\u00e1no 17 530 vozidel.<\/li>\n\n\n\n<li>Z celkov\u00e9ho po\u010dtu zkontrolovan\u00fdch vozidel bylo celkem 2 286 vozidel kontroln\u011b zv\u00e1\u017eeno. <\/li>\n\n\n\n<li>Z po\u010dtu zv\u00e1\u017een\u00fdch vozidel bylo 77 % vozidel, kter\u00e1 nevyhov\u011bla limit\u016fm.<\/li>\n\n\n\n<li>D\u00edky p\u016fsoben\u00ed Centra slu\u017eeb bylo odhaleno 4 272 z\u00e1vad v soci\u00e1ln\u00ed legislativ\u011b.<\/li>\n<\/ul>\n<\/div>\n\n\n\n<p><\/p>\n","protected":false},"excerpt":{"rendered":"<p>Inspekce silni\u010dn\u00ed dopravy v \u010d\u00edslech Inspekce silni\u010dn\u00ed dopravy m\u00e1 80 zam\u011bstnanc\u016f, z \u010deho\u017e 58 zam\u011bstnanc\u016f p\u016fsob\u00ed v ter\u00e9nu. C\u00edle Inspekce silni\u010dn\u00ed dopravy Jedn\u00edm z hlavn\u00edch c\u00edl\u016f Inspekce silni\u010dn\u00ed dopravy je zajistit v\u011bt\u0161\u00ed bezpe\u010dnost na silnic\u00edch a d\u00e1lnic\u00edch. Abychom co nejd\u00e9le udr\u017eeli ve\u0159ejn\u00e9 komunikace v dobr\u00e9m stavu a vyhnuli se tak kolon\u00e1m v d\u016fsledku oprav pozemn\u00edch [&hellip;]<\/p>\n","protected":false},"author":1,"featured_media":0,"parent":1792,"menu_order":0,"comment_status":"closed","ping_status":"closed","template":"","meta":{"inline_featured_image":false,"footnotes":""},"class_list":["post-1782","page","type-page","status-publish","hentry"],"yoast_head":"<!-- This site is optimized with the Yoast SEO plugin v27.5 - https:\/\/yoast.com\/product\/yoast-seo-wordpress\/ -->\n<title>\u010c\u00edm se zab\u00fdv\u00e1me - Inspekce silni\u010dn\u00ed dopravy<\/title>\n<meta name=\"robots\" content=\"index, follow, max-snippet:-1, max-image-preview:large, max-video-preview:-1\" \/>\n<link rel=\"canonical\" href=\"https:\/\/insid.gov.cz\/de\/o-uradu\/cim-se-zabyvame\/\" \/>\n<meta property=\"og:locale\" content=\"de_DE\" \/>\n<meta property=\"og:type\" content=\"article\" \/>\n<meta property=\"og:title\" content=\"\u010c\u00edm se zab\u00fdv\u00e1me - Inspekce silni\u010dn\u00ed dopravy\" \/>\n<meta property=\"og:description\" content=\"Inspekce silni\u010dn\u00ed dopravy v \u010d\u00edslech Inspekce silni\u010dn\u00ed dopravy m\u00e1 80 zam\u011bstnanc\u016f, z \u010deho\u017e 58 zam\u011bstnanc\u016f p\u016fsob\u00ed v ter\u00e9nu. C\u00edle Inspekce silni\u010dn\u00ed dopravy Jedn\u00edm z hlavn\u00edch c\u00edl\u016f Inspekce silni\u010dn\u00ed dopravy je zajistit v\u011bt\u0161\u00ed bezpe\u010dnost na silnic\u00edch a d\u00e1lnic\u00edch. Abychom co nejd\u00e9le udr\u017eeli ve\u0159ejn\u00e9 komunikace v dobr\u00e9m stavu a vyhnuli se tak kolon\u00e1m v d\u016fsledku oprav pozemn\u00edch [&hellip;]\" \/>\n<meta property=\"og:url\" content=\"https:\/\/insid.gov.cz\/de\/o-uradu\/cim-se-zabyvame\/\" \/>\n<meta property=\"og:site_name\" content=\"Inspekce silni\u010dn\u00ed dopravy\" \/>\n<meta property=\"article:publisher\" content=\"https:\/\/www.facebook.com\/people\/INSID-Inspekce-silnin-dopravy\/61577005171287\/\" \/>\n<meta property=\"article:modified_time\" content=\"2026-03-10T14:00:42+00:00\" \/>\n<meta property=\"og:image\" content=\"https:\/\/insid.gov.cz\/wp-content\/uploads\/2025\/06\/DJI_0037-scaled.webp\" \/>\n\t<meta property=\"og:image:width\" content=\"2560\" \/>\n\t<meta property=\"og:image:height\" content=\"1440\" \/>\n\t<meta property=\"og:image:type\" content=\"image\/jpeg\" \/>\n<meta name=\"twitter:card\" content=\"summary_large_image\" \/>\n<script type=\"application\/ld+json\" class=\"yoast-schema-graph\">{\"@context\":\"https:\\\/\\\/schema.org\",\"@graph\":[{\"@type\":\"WebPage\",\"@id\":\"https:\\\/\\\/insid.gov.cz\\\/de\\\/o-uradu\\\/cim-se-zabyvame\\\/\",\"url\":\"https:\\\/\\\/insid.gov.cz\\\/de\\\/o-uradu\\\/cim-se-zabyvame\\\/\",\"name\":\"\u010c\u00edm se zab\u00fdv\u00e1me - Inspekce silni\u010dn\u00ed dopravy\",\"isPartOf\":{\"@id\":\"https:\\\/\\\/insid.gov.cz\\\/#website\"},\"primaryImageOfPage\":{\"@id\":\"https:\\\/\\\/insid.gov.cz\\\/de\\\/o-uradu\\\/cim-se-zabyvame\\\/#primaryimage\"},\"image\":{\"@id\":\"https:\\\/\\\/insid.gov.cz\\\/de\\\/o-uradu\\\/cim-se-zabyvame\\\/#primaryimage\"},\"thumbnailUrl\":\"https:\\\/\\\/insid.gov.cz\\\/wp-content\\\/uploads\\\/2025\\\/06\\\/DJI_0037-1024x576.webp\",\"datePublished\":\"2025-02-19T11:59:48+00:00\",\"dateModified\":\"2026-03-10T14:00:42+00:00\",\"breadcrumb\":{\"@id\":\"https:\\\/\\\/insid.gov.cz\\\/de\\\/o-uradu\\\/cim-se-zabyvame\\\/#breadcrumb\"},\"inLanguage\":\"de\",\"potentialAction\":[{\"@type\":\"ReadAction\",\"target\":[\"https:\\\/\\\/insid.gov.cz\\\/de\\\/o-uradu\\\/cim-se-zabyvame\\\/\"]}]},{\"@type\":\"ImageObject\",\"inLanguage\":\"de\",\"@id\":\"https:\\\/\\\/insid.gov.cz\\\/de\\\/o-uradu\\\/cim-se-zabyvame\\\/#primaryimage\",\"url\":\"https:\\\/\\\/insid.gov.cz\\\/wp-content\\\/uploads\\\/2025\\\/06\\\/DJI_0037-1024x576.webp\",\"contentUrl\":\"https:\\\/\\\/insid.gov.cz\\\/wp-content\\\/uploads\\\/2025\\\/06\\\/DJI_0037-1024x576.webp\"},{\"@type\":\"BreadcrumbList\",\"@id\":\"https:\\\/\\\/insid.gov.cz\\\/de\\\/o-uradu\\\/cim-se-zabyvame\\\/#breadcrumb\",\"itemListElement\":[{\"@type\":\"ListItem\",\"position\":1,\"name\":\"Dom\u016f\",\"item\":\"https:\\\/\\\/insid.gov.cz\\\/de\\\/\"},{\"@type\":\"ListItem\",\"position\":2,\"name\":\"\u00dcber uns\",\"item\":\"https:\\\/\\\/insid.gov.cz\\\/de\\\/o-uradu\\\/\"},{\"@type\":\"ListItem\",\"position\":3,\"name\":\"\u010c\u00edm se zab\u00fdv\u00e1me\"}]},{\"@type\":\"WebSite\",\"@id\":\"https:\\\/\\\/insid.gov.cz\\\/#website\",\"url\":\"https:\\\/\\\/insid.gov.cz\\\/\",\"name\":\"INSID\",\"description\":\"\",\"publisher\":{\"@id\":\"https:\\\/\\\/insid.gov.cz\\\/#organization\"},\"potentialAction\":[{\"@type\":\"SearchAction\",\"target\":{\"@type\":\"EntryPoint\",\"urlTemplate\":\"https:\\\/\\\/insid.gov.cz\\\/?s={search_term_string}\"},\"query-input\":{\"@type\":\"PropertyValueSpecification\",\"valueRequired\":true,\"valueName\":\"search_term_string\"}}],\"inLanguage\":\"de\"},{\"@type\":\"Organization\",\"@id\":\"https:\\\/\\\/insid.gov.cz\\\/#organization\",\"name\":\"Inspekce silni\u010dn\u00ed dopravy\",\"url\":\"https:\\\/\\\/insid.gov.cz\\\/\",\"logo\":{\"@type\":\"ImageObject\",\"inLanguage\":\"de\",\"@id\":\"https:\\\/\\\/insid.gov.cz\\\/#\\\/schema\\\/logo\\\/image\\\/\",\"url\":\"https:\\\/\\\/insid.gov.cz\\\/wp-content\\\/uploads\\\/2025\\\/05\\\/INSID-LOGO-barevna-verze-scaled.png\",\"contentUrl\":\"https:\\\/\\\/insid.gov.cz\\\/wp-content\\\/uploads\\\/2025\\\/05\\\/INSID-LOGO-barevna-verze-scaled.png\",\"width\":2560,\"height\":1027,\"caption\":\"Inspekce silni\u010dn\u00ed dopravy\"},\"image\":{\"@id\":\"https:\\\/\\\/insid.gov.cz\\\/#\\\/schema\\\/logo\\\/image\\\/\"},\"sameAs\":[\"https:\\\/\\\/www.facebook.com\\\/people\\\/INSID-Inspekce-silnin-dopravy\\\/61577005171287\\\/\"]}]}<\/script>\n<!-- \/ Yoast SEO plugin. -->","yoast_head_json":{"title":"\u010c\u00edm se zab\u00fdv\u00e1me - Inspekce silni\u010dn\u00ed dopravy","robots":{"index":"index","follow":"follow","max-snippet":"max-snippet:-1","max-image-preview":"max-image-preview:large","max-video-preview":"max-video-preview:-1"},"canonical":"https:\/\/insid.gov.cz\/de\/o-uradu\/cim-se-zabyvame\/","og_locale":"de_DE","og_type":"article","og_title":"\u010c\u00edm se zab\u00fdv\u00e1me - Inspekce silni\u010dn\u00ed dopravy","og_description":"Inspekce silni\u010dn\u00ed dopravy v \u010d\u00edslech Inspekce silni\u010dn\u00ed dopravy m\u00e1 80 zam\u011bstnanc\u016f, z \u010deho\u017e 58 zam\u011bstnanc\u016f p\u016fsob\u00ed v ter\u00e9nu. C\u00edle Inspekce silni\u010dn\u00ed dopravy Jedn\u00edm z hlavn\u00edch c\u00edl\u016f Inspekce silni\u010dn\u00ed dopravy je zajistit v\u011bt\u0161\u00ed bezpe\u010dnost na silnic\u00edch a d\u00e1lnic\u00edch. Abychom co nejd\u00e9le udr\u017eeli ve\u0159ejn\u00e9 komunikace v dobr\u00e9m stavu a vyhnuli se tak kolon\u00e1m v d\u016fsledku oprav pozemn\u00edch [&hellip;]","og_url":"https:\/\/insid.gov.cz\/de\/o-uradu\/cim-se-zabyvame\/","og_site_name":"Inspekce silni\u010dn\u00ed dopravy","article_publisher":"https:\/\/www.facebook.com\/people\/INSID-Inspekce-silnin-dopravy\/61577005171287\/","article_modified_time":"2026-03-10T14:00:42+00:00","og_image":[{"width":2560,"height":1440,"url":"https:\/\/insid.gov.cz\/wp-content\/uploads\/2025\/06\/DJI_0037-scaled.webp","type":"image\/jpeg"}],"twitter_card":"summary_large_image","schema":{"@context":"https:\/\/schema.org","@graph":[{"@type":"WebPage","@id":"https:\/\/insid.gov.cz\/de\/o-uradu\/cim-se-zabyvame\/","url":"https:\/\/insid.gov.cz\/de\/o-uradu\/cim-se-zabyvame\/","name":"\u010c\u00edm se zab\u00fdv\u00e1me - Inspekce silni\u010dn\u00ed dopravy","isPartOf":{"@id":"https:\/\/insid.gov.cz\/#website"},"primaryImageOfPage":{"@id":"https:\/\/insid.gov.cz\/de\/o-uradu\/cim-se-zabyvame\/#primaryimage"},"image":{"@id":"https:\/\/insid.gov.cz\/de\/o-uradu\/cim-se-zabyvame\/#primaryimage"},"thumbnailUrl":"https:\/\/insid.gov.cz\/wp-content\/uploads\/2025\/06\/DJI_0037-1024x576.webp","datePublished":"2025-02-19T11:59:48+00:00","dateModified":"2026-03-10T14:00:42+00:00","breadcrumb":{"@id":"https:\/\/insid.gov.cz\/de\/o-uradu\/cim-se-zabyvame\/#breadcrumb"},"inLanguage":"de","potentialAction":[{"@type":"ReadAction","target":["https:\/\/insid.gov.cz\/de\/o-uradu\/cim-se-zabyvame\/"]}]},{"@type":"ImageObject","inLanguage":"de","@id":"https:\/\/insid.gov.cz\/de\/o-uradu\/cim-se-zabyvame\/#primaryimage","url":"https:\/\/insid.gov.cz\/wp-content\/uploads\/2025\/06\/DJI_0037-1024x576.webp","contentUrl":"https:\/\/insid.gov.cz\/wp-content\/uploads\/2025\/06\/DJI_0037-1024x576.webp"},{"@type":"BreadcrumbList","@id":"https:\/\/insid.gov.cz\/de\/o-uradu\/cim-se-zabyvame\/#breadcrumb","itemListElement":[{"@type":"ListItem","position":1,"name":"Dom\u016f","item":"https:\/\/insid.gov.cz\/de\/"},{"@type":"ListItem","position":2,"name":"\u00dcber uns","item":"https:\/\/insid.gov.cz\/de\/o-uradu\/"},{"@type":"ListItem","position":3,"name":"\u010c\u00edm se zab\u00fdv\u00e1me"}]},{"@type":"WebSite","@id":"https:\/\/insid.gov.cz\/#website","url":"https:\/\/insid.gov.cz\/","name":"INSID","description":"","publisher":{"@id":"https:\/\/insid.gov.cz\/#organization"},"potentialAction":[{"@type":"SearchAction","target":{"@type":"EntryPoint","urlTemplate":"https:\/\/insid.gov.cz\/?s={search_term_string}"},"query-input":{"@type":"PropertyValueSpecification","valueRequired":true,"valueName":"search_term_string"}}],"inLanguage":"de"},{"@type":"Organization","@id":"https:\/\/insid.gov.cz\/#organization","name":"Inspekce silni\u010dn\u00ed dopravy","url":"https:\/\/insid.gov.cz\/","logo":{"@type":"ImageObject","inLanguage":"de","@id":"https:\/\/insid.gov.cz\/#\/schema\/logo\/image\/","url":"https:\/\/insid.gov.cz\/wp-content\/uploads\/2025\/05\/INSID-LOGO-barevna-verze-scaled.png","contentUrl":"https:\/\/insid.gov.cz\/wp-content\/uploads\/2025\/05\/INSID-LOGO-barevna-verze-scaled.png","width":2560,"height":1027,"caption":"Inspekce silni\u010dn\u00ed dopravy"},"image":{"@id":"https:\/\/insid.gov.cz\/#\/schema\/logo\/image\/"},"sameAs":["https:\/\/www.facebook.com\/people\/INSID-Inspekce-silnin-dopravy\/61577005171287\/"]}]}},"jetpack_sharing_enabled":true,"_links":{"self":[{"href":"https:\/\/insid.gov.cz\/de\/wp-json\/wp\/v2\/pages\/1782","targetHints":{"allow":["GET"]}}],"collection":[{"href":"https:\/\/insid.gov.cz\/de\/wp-json\/wp\/v2\/pages"}],"about":[{"href":"https:\/\/insid.gov.cz\/de\/wp-json\/wp\/v2\/types\/page"}],"author":[{"embeddable":true,"href":"https:\/\/insid.gov.cz\/de\/wp-json\/wp\/v2\/users\/1"}],"replies":[{"embeddable":true,"href":"https:\/\/insid.gov.cz\/de\/wp-json\/wp\/v2\/comments?post=1782"}],"version-history":[{"count":9,"href":"https:\/\/insid.gov.cz\/de\/wp-json\/wp\/v2\/pages\/1782\/revisions"}],"predecessor-version":[{"id":4034,"href":"https:\/\/insid.gov.cz\/de\/wp-json\/wp\/v2\/pages\/1782\/revisions\/4034"}],"up":[{"embeddable":true,"href":"https:\/\/insid.gov.cz\/de\/wp-json\/wp\/v2\/pages\/1792"}],"wp:attachment":[{"href":"https:\/\/insid.gov.cz\/de\/wp-json\/wp\/v2\/media?parent=1782"}],"curies":[{"name":"wp","href":"https:\/\/api.w.org\/{rel}","templated":true}]}}